{"id":188,"date":"2022-06-08T10:42:19","date_gmt":"2022-06-08T08:42:19","guid":{"rendered":"https:\/\/www.centreparoissial.lu\/?page_id=188"},"modified":"2022-06-08T10:43:47","modified_gmt":"2022-06-08T08:43:47","slug":"reglement-dordre-interieur-du-centre-saint-willibrord","status":"publish","type":"page","link":"https:\/\/www.centreparoissial.lu\/?page_id=188","title":{"rendered":"REGLEMENT D\u2019ORDRE INTERIEUR DU CENTRE SAINT WILLIBRORD"},"content":{"rendered":"<p>[et_pb_section fb_built=\u00a0\u00bb1&Prime; next_background_color=\u00a0\u00bb#fff4ef\u00a0\u00bb admin_label=\u00a0\u00bbHeader\u00a0\u00bb _builder_version=\u00a0\u00bb4.17.4&Prime; _module_preset=\u00a0\u00bbdefault\u00a0\u00bb background_enable_color=\u00a0\u00bboff\u00a0\u00bb background_image=\u00a0\u00bbhttps:\/\/www.centreparoissial.lu\/wp-content\/uploads\/2022\/05\/event-space-46.jpg\u00a0\u00bb parallax=\u00a0\u00bbon\u00a0\u00bb custom_padding=\u00a0\u00bb37px||150px||false|false\u00a0\u00bb bottom_divider_style=\u00a0\u00bbwave2&Prime; locked=\u00a0\u00bboff\u00a0\u00bb global_colors_info=\u00a0\u00bb{}\u00a0\u00bb][et_pb_row _builder_version=\u00a0\u00bb4.16&Prime; _module_preset=\u00a0\u00bbdefault\u00a0\u00bb custom_padding=\u00a0\u00bb0px||0px|||\u00a0\u00bb global_colors_info=\u00a0\u00bb{}\u00a0\u00bb][et_pb_column type=\u00a0\u00bb4_4&Prime; _builder_version=\u00a0\u00bb4.16&Prime; _module_preset=\u00a0\u00bbdefault\u00a0\u00bb custom_padding=\u00a0\u00bb6vw||12vw||false|false\u00a0\u00bb global_colors_info=\u00a0\u00bb{}\u00a0\u00bb][et_pb_text _builder_version=\u00a0\u00bb4.17.4&Prime; _module_preset=\u00a0\u00bbdefault\u00a0\u00bb header_font=\u00a0\u00bbPrata||||||||\u00a0\u00bb header_text_align=\u00a0\u00bbcenter\u00a0\u00bb header_font_size=\u00a0\u00bb44px\u00a0\u00bb header_line_height=\u00a0\u00bb1.1em\u00a0\u00bb position_origin_a=\u00a0\u00bbcenter_left\u00a0\u00bb z_index=\u00a0\u00bb1&Prime; horizontal_offset_tablet=\u00a0\u00bb0px\u00a0\u00bb horizontal_offset_phone=\u00a0\u00bb\u00a0\u00bb horizontal_offset_last_edited=\u00a0\u00bbon|phone\u00a0\u00bb position_origin_a_tablet=\u00a0\u00bbbottom_left\u00a0\u00bb position_origin_a_phone=\u00a0\u00bb\u00a0\u00bb position_origin_a_last_edited=\u00a0\u00bbon|desktop\u00a0\u00bb position_origin_f_tablet=\u00a0\u00bb\u00a0\u00bb position_origin_f_phone=\u00a0\u00bb\u00a0\u00bb position_origin_f_last_edited=\u00a0\u00bbon|desktop\u00a0\u00bb position_origin_r_tablet=\u00a0\u00bb\u00a0\u00bb position_origin_r_phone=\u00a0\u00bb\u00a0\u00bb position_origin_r_last_edited=\u00a0\u00bbon|desktop\u00a0\u00bb background_layout=\u00a0\u00bbdark\u00a0\u00bb width=\u00a0\u00bb56%\u00a0\u00bb module_alignment=\u00a0\u00bbright\u00a0\u00bb header_font_size_tablet=\u00a0\u00bb64px\u00a0\u00bb header_font_size_phone=\u00a0\u00bb30px\u00a0\u00bb header_font_size_last_edited=\u00a0\u00bbon|phone\u00a0\u00bb header_line_height_tablet=\u00a0\u00bb1.2em\u00a0\u00bb header_line_height_phone=\u00a0\u00bb1.3em\u00a0\u00bb header_line_height_last_edited=\u00a0\u00bbon|desktop\u00a0\u00bb positioning_tablet=\u00a0\u00bb\u00a0\u00bb positioning_phone=\u00a0\u00bb\u00a0\u00bb positioning_last_edited=\u00a0\u00bbon|desktop\u00a0\u00bb locked=\u00a0\u00bboff\u00a0\u00bb global_colors_info=\u00a0\u00bb{}\u00a0\u00bb]<\/p>\n<h1>REGLEMENT D\u2019ORDRE INTERIEUR DU CENTRE SAINT WILLIBRORD<\/h1>\n<p>[\/et_pb_text][et_pb_divider show_divider=\u00a0\u00bboff\u00a0\u00bb _builder_version=\u00a0\u00bb4.16&Prime; _module_preset=\u00a0\u00bbdefault\u00a0\u00bb background_color=\u00a0\u00bb#ff4700&Prime; positioning=\u00a0\u00bbabsolute\u00a0\u00bb horizontal_offset=\u00a0\u00bb56%\u00a0\u00bb width=\u00a0\u00bb20%\u00a0\u00bb width_phone=\u00a0\u00bb120px\u00a0\u00bb width_last_edited=\u00a0\u00bboff|desktop\u00a0\u00bb height=\u00a0\u00bb19vw\u00a0\u00bb custom_margin=\u00a0\u00bb||0px||false|false\u00a0\u00bb custom_margin_tablet=\u00a0\u00bb0px||||false|false\u00a0\u00bb custom_margin_phone=\u00a0\u00bb\u00a0\u00bb custom_margin_last_edited=\u00a0\u00bbon|tablet\u00a0\u00bb global_colors_info=\u00a0\u00bb{%22gcid-9452e02f-d11f-42fc-a9f8-16803f93b5d0%22:%91%93}\u00a0\u00bb][\/et_pb_divider][et_pb_image src=\u00a0\u00bbhttps:\/\/www.centreparoissial.lu\/wp-content\/uploads\/2022\/05\/event-space-04.jpg\u00a0\u00bb title_text=\u00a0\u00bbevent-space-04&Prime; align=\u00a0\u00bbright\u00a0\u00bb _builder_version=\u00a0\u00bb4.17.4&Prime; _module_preset=\u00a0\u00bbdefault\u00a0\u00bb positioning=\u00a0\u00bbabsolute\u00a0\u00bb position_origin_a=\u00a0\u00bbbottom_right\u00a0\u00bb width=\u00a0\u00bb30%\u00a0\u00bb max_width_tablet=\u00a0\u00bb400px\u00a0\u00bb max_width_last_edited=\u00a0\u00bboff|desktop\u00a0\u00bb max_height=\u00a0\u00bb12vw\u00a0\u00bb custom_margin=\u00a0\u00bb||0px||false|false\u00a0\u00bb global_colors_info=\u00a0\u00bb{}\u00a0\u00bb][\/et_pb_image][et_pb_image src=\u00a0\u00bbhttps:\/\/www.centreparoissial.lu\/wp-content\/uploads\/2022\/05\/IMG_1816.jpg\u00a0\u00bb title_text=\u00a0\u00bbIMG_1816&Prime; _builder_version=\u00a0\u00bb4.17.4&Prime; _module_preset=\u00a0\u00bbdefault\u00a0\u00bb positioning=\u00a0\u00bbabsolute\u00a0\u00bb width=\u00a0\u00bb38%\u00a0\u00bb max_height=\u00a0\u00bb24vw\u00a0\u00bb custom_margin=\u00a0\u00bb||0px||false|false\u00a0\u00bb global_colors_info=\u00a0\u00bb{}\u00a0\u00bb][\/et_pb_image][\/et_pb_column][\/et_pb_row][\/et_pb_section][et_pb_section fb_built=\u00a0\u00bb1&Prime; admin_label=\u00a0\u00bbEvents\u00a0\u00bb _builder_version=\u00a0\u00bb4.17.4&Prime; _module_preset=\u00a0\u00bbdefault\u00a0\u00bb background_color=\u00a0\u00bb#fff4ef\u00a0\u00bb custom_padding=\u00a0\u00bb28px||0px|||\u00a0\u00bb bottom_divider_height=\u00a0\u00bb170px\u00a0\u00bb bottom_divider_flip=\u00a0\u00bbvertical\u00a0\u00bb global_colors_info=\u00a0\u00bb{%22gcid-abdd1dfe-115d-40b5-9c1d-c1c9635de504%22:%91%93}\u00a0\u00bb][et_pb_row _builder_version=\u00a0\u00bb4.17.4&Prime; _module_preset=\u00a0\u00bbdefault\u00a0\u00bb global_colors_info=\u00a0\u00bb{}\u00a0\u00bb][et_pb_column type=\u00a0\u00bb4_4&Prime; _builder_version=\u00a0\u00bb4.17.4&Prime; _module_preset=\u00a0\u00bbdefault\u00a0\u00bb global_colors_info=\u00a0\u00bb{}\u00a0\u00bb][et_pb_text _builder_version=\u00a0\u00bb4.17.4&Prime; _module_preset=\u00a0\u00bbdefault\u00a0\u00bb custom_margin=\u00a0\u00bb-55px|||||\u00a0\u00bb global_colors_info=\u00a0\u00bb{}\u00a0\u00bb]<\/p>\n<p style=\"text-align: justify;\">1) Le Centre Paroissial St Willibrord est destin\u00e9 \u00e0 l\u2019organisation d\u2019activit\u00e9s paroissiales, d\u2019activit\u00e9s \u00e0 caract\u00e8re \u00e9ducatif, culturel, social et priv\u00e9.<br \/>2) L\u2019utilisation de la salle des f\u00eates, cuisine et autres locaux annex\u00e9s est soumise \u00e0 l\u2019autorisation du Conseil de gestion paroissial.<br \/>3) Cette autorisation peut \u00eatre retir\u00e9e ou suspendue \u00e0 tout moment, si les dispositions du pr\u00e9sent r\u00e8glement ne sont pas observ\u00e9es. Ne seront pas autoris\u00e9es des manifestations et activit\u00e9s dont l\u2019organisation pourrait entraver le bon fonctionnement des installations, avarier les locaux et le mat\u00e9riel ou porter atteinte \u00e0 la s\u00e9curit\u00e9 et \u00e0 la propret\u00e9 g\u00e9n\u00e9rale du b\u00e2timent et des alentours.<br \/>4) Toute demande d\u2019utilisation occasionnelle est \u00e0 adresser par \u00e9crit ou par e-mail au Conseil de gestion paroissial au moins quinze jours \u00e0 l\u2019avance. Aucune demande de r\u00e9servation ne sera accept\u00e9e par t\u00e9l\u00e9phone. Des formulaires de demande sont disponibles sur le site Internet du Centre Paroissial. Une mise \u00e0 jour du calendrier des utilisations des locaux peut \u00eatre consult\u00e9e sur ce site. Seule une confirmation \u00e9crite du Conseil de Gestion paroissial par Email donne droit \u00e0 la r\u00e9servation de la salle des f\u00eates, cuisine ou autres locaux annex\u00e9s. En cas d\u2019annulation d\u2019une manifestation, le Conseil de Gestion paroissial doit en \u00eatre inform\u00e9 sans retard.<br \/>5) Le maximum de personnes \u00e0 admettre dans la salle des f\u00eates est de 60 personnes<br \/>6) L\u2019usage du b\u00e2timent ou d\u2019une partie de celui-ci est subordonn\u00e9 au paiement des droits fix\u00e9s par r\u00e8glement taxe.<br \/><strong>RESPONSABILITES\/OBLIGATIONS<\/strong><br \/>7) Le CGP d\u00e9cline toute responsabilit\u00e9 en cas de perte, vol ou d\u00e9t\u00e9rioration de v\u00eatements ou d\u2019objets ainsi qu\u2019en cas d\u2019accident subi tant par les usagers que par des tiers.<br \/>8) Toute association, respectivement tout utilisateur en g\u00e9n\u00e9ral, faisant usage des installations doit \u00eatre en possession d\u2019un contrat d\u2019assurance couvrant sa responsabilit\u00e9 civile, tant \u00e0 l\u2019\u00e9gard des accidents pouvant survenir du fait de son activit\u00e9 qu\u2019\u00e0 l\u2019\u00e9gard des d\u00e9t\u00e9riorations qu\u2019elle pourrait causer au b\u00e2timent ainsi qu\u2019aux installations et au mat\u00e9riel appartenant de pr\u00eat ou de loin \u00e0 l\u2019enceinte du Centre Paroissial St Willibrord.<br \/>9) Pour les diff\u00e9rentes manifestations chaque association doit d\u00e9signer un dirigeant, responsable de la bonne tenue et de la discipline g\u00e9n\u00e9rale des usagers. Elle veillera \u00e9galement \u00e0 la pr\u00e9sence du personnel n\u00e9cessaire au bon d\u00e9roulement de l\u2019organisation. En cas d\u2019accident, il appartient aux responsables des associations de prendre les mesures qui s\u2019imposent.<br \/><strong>RESTRICTIONS ET INTERDICTIONS<\/strong><br \/>10) Avant toute organisation un \u00e9tat de lieu est fait avec un membre du Conseil de gestion paroissial. Apr\u00e8s la fin de la manifestation, le moment exact sera \u00e0 fixer d\u2019un commun accord, un nouvel \u00e9tat des lieux sera dress\u00e9. La remise en \u00e9tat de toute irr\u00e9gularit\u00e9 constat\u00e9e sera factur\u00e9e \u00e0 la soci\u00e9t\u00e9 organisatrice. Aucune soir\u00e9e dansante ne sera autoris\u00e9e. L\u2019autorisation pour les diff\u00e9rentes manifestations ne sera d\u00e9livr\u00e9e qu\u2019apr\u00e8s le d\u00e9p\u00f4t de la caution fix\u00e9 par le Conseil de gestion paroissial. Cette caution sera restitu\u00e9e apr\u00e8s la manifestation, d\u00e9duction faite, le cas \u00e9ch\u00e9ant, des frais de remise en \u00e9tat d\u2019\u00e9ventuelles irr\u00e9gularit\u00e9s constat\u00e9es et occasionn\u00e9es sous la responsabilit\u00e9 de l\u2019organisateur. Toute facture concernant une r\u00e9servation devra \u00eatre pay\u00e9e une semaine avant la r\u00e9servation Toute facture non pay\u00e9e dans les d\u00e9lais indiqu\u00e9s, entraine automatiquement l\u2019annulation de la salle. En cas d\u2019annulation de la salle quelques jours avant la manifestation par le locataire, la location pay\u00e9e ne sera plus rembours\u00e9e.<br \/><strong>Il est interdit :<\/strong><br \/>De fumer en g\u00e9n\u00e9ral<br \/>De p\u00e9n\u00e9trer dans les locaux, dont l\u2019usage n\u2019a pas \u00e9t\u00e9 autoris\u00e9 et de manipuler les \u00e9quipements \u00e9lectriques et m\u00e9caniques en place<br \/>De laisser les mineurs, invit\u00e9s du locataire, prendre l\u2019ascenseur sans accompagnement<br \/>Aux enfants de la cat\u00e9ch\u00e8se de prendre l\u2019ascenseur<br \/>De courir et de jouer dans les halls, corridors et escaliers<br \/>D\u2019introduire des animaux, des bicyclettes, motos ou autres v\u00e9hicules \u00e0 l\u2019int\u00e9rieur du b\u00e2timent<br \/>D\u2019utiliser les installations \u00e0 d\u2019autres fins qu\u2019\u00e0 celles pour lesquelles elles ont \u00e9t\u00e9 con\u00e7ues<br \/>De d\u00e9corer la salle ou les autres locaux ou de proc\u00e9der \u00e0 d\u2019autres travaux sauf autorisation expresse du Conseil de gestion paroissial<br \/>De jeter ou d\u2019abandonner ailleurs que dans les r\u00e9cipients \u00e0 ce destin\u00e9s, tous objets quelconques soit \u00e0 l\u2019int\u00e9rieur qu\u2019\u00e0 l\u2019ext\u00e9rieur de l\u2019enceinte<br \/>De coller des autocollants sur les chaises et tables<br \/>D\u2019apposer sur les murs int\u00e9rieurs et ext\u00e9rieurs des affiches, pancartes avis ou communications de toute esp\u00e8ce, l\u2019affichage \u00e9tant seulement autoris\u00e9 sur les panneaux sp\u00e9cialement destin\u00e9s \u00e0 ces fins<br \/>De cuisiner dans la grande salle ou dans le hall<br \/>De faire du bruit en dehors de l\u2019enceinte apr\u00e8s 22.00 heures<br \/><strong>EQUIPEMENTS\/CLEFS<\/strong><br \/>11) Lors de l\u2019utilisation de la cuisine, le mat\u00e9riel de cuisine doit \u00eatre nettoy\u00e9 et rang\u00e9 imm\u00e9diatement apr\u00e8s son utilisation. Toutes les mesures de s\u00e9curit\u00e9 doivent \u00eatre respect\u00e9es. Toute d\u00e9fectuosit\u00e9 aux installations et au mat\u00e9riel doit \u00eatre signal\u00e9e imm\u00e9diatement aux responsables du Conseil de gestion paroissial.<br \/>12) Le mat\u00e9riel et les installations du Centre St Willibrord ne peuvent \u00eatre utilis\u00e9s que dans l\u2019enceinte m\u00eame du b\u00e2timent.<br \/>13) Le mat\u00e9riel et le mobilier doivent \u00eatre mis en place par l\u2019organisateur. Apr\u00e8s une manifestation, le nettoyage de la salle et la remise en \u00e9tat de la salle utilis\u00e9e est \u00e9galement \u00e0 la charge de l\u2019organisateur.<br \/>14) Les clefs pour les salles lou\u00e9es sont remises au locataire lors de l\u2019\u00e9tat des lieux avant la manifestation. Elles seront imm\u00e9diatement restitu\u00e9es apr\u00e8s la manifestation lors d\u2019un nouvel \u00e9tat des lieux. Le responsable de la soci\u00e9t\u00e9 locataire est responsable de la garde des clefs durant le d\u00e9roulement de la manifestation.<br \/><strong>BUVETTE<\/strong><br \/>15) Les associations qui organisent des manifestations seront autoris\u00e9s \u00e0 exploiter \u00e0 leur compte le d\u00e9bit de boisson de la salle des f\u00eates, s\u2019ils le d\u00e9sirent. Dans ce cas, ils devront observer les prescriptions de la loi du 29 juin 1989 sur le r\u00e9gime des cabarets ainsi que toutes les dispositions l\u00e9gales et r\u00e9glementaires en vigueur en la mati\u00e8re. Ils devront \u00e9galement se conformer aux r\u00e8glements de police communaux. Le locataire doit s\u2019occuper de la commande des boissons.<br \/><strong>DISPOSITION FINALE<\/strong><br \/>16) Les usagers qui ont demand\u00e9 et obtenu l\u2019autorisation d\u2019utiliser les installations susmentionn\u00e9es s\u2019engagent par \u00e9crit, dans une d\u00e9claration \u00e9tablie par le Conseil de gestion paroissial \u00e0 respecter scrupuleusement toutes les dispositions du pr\u00e9sent r\u00e8glement.<\/p>\n<p>[\/et_pb_text][\/et_pb_column][\/et_pb_row][\/et_pb_section][et_pb_section fb_built=\u00a0\u00bb1&Prime; prev_background_color=\u00a0\u00bb#fff4ef\u00a0\u00bb _builder_version=\u00a0\u00bb4.17.4&Prime; _module_preset=\u00a0\u00bbdefault\u00a0\u00bb background_image=\u00a0\u00bbhttps:\/\/www.centreparoissial.lu\/wp-content\/uploads\/2022\/05\/event-space-46.jpg\u00a0\u00bb custom_padding=\u00a0\u00bb77px||9px|||\u00a0\u00bb top_divider_style=\u00a0\u00bbwave2&Prime; top_divider_flip=\u00a0\u00bbvertical\u00a0\u00bb global_colors_info=\u00a0\u00bb{}\u00a0\u00bb][\/et_pb_section][et_pb_section fb_built=\u00a0\u00bb1&Prime; _builder_version=\u00a0\u00bb4.17.4&Prime; _module_preset=\u00a0\u00bbdefault\u00a0\u00bb background_color=\u00a0\u00bb#ff4700&Prime; custom_margin=\u00a0\u00bb-7px|||||\u00a0\u00bb custom_padding=\u00a0\u00bb0px||0px|||\u00a0\u00bb global_module=\u00a0\u00bb153&Prime; global_colors_info=\u00a0\u00bb{}\u00a0\u00bb][et_pb_row _builder_version=\u00a0\u00bb4.17.4&Prime; _module_preset=\u00a0\u00bbdefault\u00a0\u00bb custom_padding=\u00a0\u00bb2px||3px|||\u00a0\u00bb global_colors_info=\u00a0\u00bb{}\u00a0\u00bb][et_pb_column type=\u00a0\u00bb4_4&Prime; _builder_version=\u00a0\u00bb4.17.4&Prime; _module_preset=\u00a0\u00bbdefault\u00a0\u00bb global_colors_info=\u00a0\u00bb{}\u00a0\u00bb][et_pb_text _builder_version=\u00a0\u00bb4.17.4&Prime; _module_preset=\u00a0\u00bbdefault\u00a0\u00bb text_font=\u00a0\u00bb|600|||||||\u00a0\u00bb text_text_color=\u00a0\u00bb#000000&Prime; text_orientation=\u00a0\u00bbcenter\u00a0\u00bb global_colors_info=\u00a0\u00bb{}\u00a0\u00bb]<\/p>\n<p>\u00a9 2022 LINSYS S.A All Rights Reserved<\/p>\n<p>[\/et_pb_text][\/et_pb_column][\/et_pb_row][\/et_pb_section]<\/p>\n","protected":false},"excerpt":{"rendered":"<p>REGLEMENT D\u2019ORDRE INTERIEUR DU CENTRE SAINT WILLIBRORD1) Le Centre Paroissial St Willibrord est destin\u00e9 \u00e0 l\u2019organisation d\u2019activit\u00e9s paroissiales, d\u2019activit\u00e9s \u00e0 caract\u00e8re \u00e9ducatif, culturel, social et priv\u00e9.2) L\u2019utilisation de la salle des f\u00eates, cuisine et autres locaux annex\u00e9s est soumise \u00e0 l\u2019autorisation du Conseil de gestion paroissial.3) Cette autorisation peut \u00eatre retir\u00e9e ou suspendue \u00e0 tout [&hellip;]<\/p>\n","protected":false},"author":1,"featured_media":0,"parent":0,"menu_order":0,"comment_status":"closed","ping_status":"closed","template":"page-template-blank.php","meta":{"_et_pb_use_builder":"on","_et_pb_old_content":"","_et_gb_content_width":"","footnotes":""},"_links":{"self":[{"href":"https:\/\/www.centreparoissial.lu\/index.php?rest_route=\/wp\/v2\/pages\/188"}],"collection":[{"href":"https:\/\/www.centreparoissial.lu\/index.php?rest_route=\/wp\/v2\/pages"}],"about":[{"href":"https:\/\/www.centreparoissial.lu\/index.php?rest_route=\/wp\/v2\/types\/page"}],"author":[{"embeddable":true,"href":"https:\/\/www.centreparoissial.lu\/index.php?rest_route=\/wp\/v2\/users\/1"}],"replies":[{"embeddable":true,"href":"https:\/\/www.centreparoissial.lu\/index.php?rest_route=%2Fwp%2Fv2%2Fcomments&post=188"}],"version-history":[{"count":3,"href":"https:\/\/www.centreparoissial.lu\/index.php?rest_route=\/wp\/v2\/pages\/188\/revisions"}],"predecessor-version":[{"id":192,"href":"https:\/\/www.centreparoissial.lu\/index.php?rest_route=\/wp\/v2\/pages\/188\/revisions\/192"}],"wp:attachment":[{"href":"https:\/\/www.centreparoissial.lu\/index.php?rest_route=%2Fwp%2Fv2%2Fmedia&parent=188"}],"curies":[{"name":"wp","href":"https:\/\/api.w.org\/{rel}","templated":true}]}}